{"id":1094,"date":"2024-05-16T15:14:37","date_gmt":"2024-05-16T13:14:37","guid":{"rendered":"https:\/\/www.zus-exnarova.sk\/1234\/?page_id=1094"},"modified":"2024-08-28T11:45:22","modified_gmt":"2024-08-28T09:45:22","slug":"domov","status":"publish","type":"page","link":"https:\/\/www.zus-exnarova.sk\/1234\/domov\/","title":{"rendered":"Domov"},"content":{"rendered":"\t\t<div data-elementor-type=\"wp-page\" data-elementor-id=\"1094\" class=\"elementor elementor-1094\">\n\t\t\t\t<div class=\"elementor-element elementor-element-c9c70ff e-flex e-con-boxed e-con e-parent\" data-id=\"c9c70ff\" data-element_type=\"container\" data-settings=\"{&quot;background_background&quot;:&quot;classic&quot;}\">\n\t\t\t\t\t<div class=\"e-con-inner\">\n\t\t\t\t<div class=\"elementor-element elementor-element-5c90f3d elementor-widget elementor-widget-shortcode\" data-id=\"5c90f3d\" data-element_type=\"widget\" data-widget_type=\"shortcode.default\">\n\t\t\t\t<div class=\"elementor-widget-container\">\n\t\t\t\t\t<div class=\"elementor-shortcode\">\t\t\t<style>\r\n                #foogallery-gallery-1093.fg-simple_portfolio {\r\n                    justify-content: center;\r\n                }\r\n                #foogallery-gallery-1093.fg-simple_portfolio .fg-item {\r\n                    flex-basis: 250px;\r\n                    margin: 10px;\r\n                }\r\n\t\t\t<\/style>\r\n\t\t\t<div class=\"foogallery foogallery-container foogallery-simple_portfolio foogallery-lightbox-foobox fg-simple_portfolio fg-transparent fg-border-thin fg-round-small fg-loading-bars fg-loaded-fade-in fg-hover-zoomed fg-caption-always fg-hover-fade fg-c-l fg-ready fg-caption-always\" id=\"foogallery-gallery-1093\" data-foogallery=\"{&quot;item&quot;:{&quot;showCaptionTitle&quot;:true,&quot;showCaptionDescription&quot;:true},&quot;lazy&quot;:true}\" >\r\n\t<div class=\"fg-item fg-type-image fg-idle\"><figure class=\"fg-item-inner\"><a href=\"https:\/\/www.zus-exnarova.sk\/1234\/wp-content\/uploads\/2026\/04\/BMD-2026-01.jpg\" data-attachment-id=\"3938\" class=\"foogallery-thumb  fg-thumb\" data-type=\"image\"><span class=\"fg-image-wrap\"><img fetchpriority=\"high\" decoding=\"async\" class=\"bf-img skip-lazy fg-image\" height=\"250\" width=\"250\" data-src-fg=\"https:\/\/www.zus-exnarova.sk\/1234\/wp-content\/uploads\/cache\/2026\/04\/BMD-2026-01\/735187727.jpg\" src=\"data:image\/svg+xml,%3Csvg%20xmlns%3D%22http%3A%2F%2Fwww.w3.org%2F2000%2Fsvg%22%20width%3D%22250%22%20height%3D%22250%22%20viewBox%3D%220%200%20250%20250%22%3E%3C%2Fsvg%3E\" loading=\"eager\"><\/span><span class=\"fg-image-overlay\"><\/span><\/a><figcaption class=\"fg-caption\"><div class=\"fg-caption-inner\"><\/div><\/figcaption><\/figure><div class=\"fg-loader\"><\/div><\/div><div class=\"fg-item fg-type-image fg-idle\"><figure class=\"fg-item-inner\"><a href=\"https:\/\/www.zus-exnarova.sk\/1234\/wp-content\/uploads\/2026\/03\/Polske-hudobne-portrety-01.jpg\" data-attachment-id=\"3841\" class=\"foogallery-thumb  fg-thumb\" data-type=\"image\"><span class=\"fg-image-wrap\"><img decoding=\"async\" class=\"bf-img skip-lazy fg-image\" height=\"250\" width=\"250\" data-src-fg=\"https:\/\/www.zus-exnarova.sk\/1234\/wp-content\/uploads\/cache\/2026\/03\/Polske-hudobne-portrety-01\/3436315424.jpg\" src=\"data:image\/svg+xml,%3Csvg%20xmlns%3D%22http%3A%2F%2Fwww.w3.org%2F2000%2Fsvg%22%20width%3D%22250%22%20height%3D%22250%22%20viewBox%3D%220%200%20250%20250%22%3E%3C%2Fsvg%3E\" loading=\"eager\"><\/span><span class=\"fg-image-overlay\"><\/span><\/a><figcaption class=\"fg-caption\"><div class=\"fg-caption-inner\"><\/div><\/figcaption><\/figure><div class=\"fg-loader\"><\/div><\/div><div class=\"fg-item fg-type-iframe fg-idle\"><figure class=\"fg-item-inner\"><a href=\"https:\/\/www.zus-exnarova.sk\/1234\/podmienky-prijatia-na-studium\/\" data-caption-title=\"PRIJ\u00cdMACIE TALENTOV\u00c9 SK\u00da\u0160KY NA \u0160KOLSK\u00dd ROK 2026\/2027\" data-attachment-id=\"3873\" class=\"foogallery-thumb  fg-thumb\" data-type=\"iframe\"><span class=\"fg-image-wrap\"><img decoding=\"async\" title=\"PRIJ\u00cdMACIE TALENTOV\u00c9 SK\u00da\u0160KY NA \u0160KOLSK\u00dd ROK 2026\/2027\" class=\"bf-img skip-lazy fg-image\" height=\"250\" width=\"250\" data-src-fg=\"https:\/\/www.zus-exnarova.sk\/1234\/wp-content\/uploads\/cache\/2026\/04\/prijimacie-skusky-2026-01\/1574387663.jpg\" src=\"data:image\/svg+xml,%3Csvg%20xmlns%3D%22http%3A%2F%2Fwww.w3.org%2F2000%2Fsvg%22%20width%3D%22250%22%20height%3D%22250%22%20viewBox%3D%220%200%20250%20250%22%3E%3C%2Fsvg%3E\" loading=\"eager\"><\/span><span class=\"fg-image-overlay\"><\/span><\/a><figcaption class=\"fg-caption\"><div class=\"fg-caption-inner\"><div class=\"fg-caption-title\">PRIJ\u00cdMACIE TALENTOV\u00c9 SK\u00da\u0160KY NA \u0160KOLSK\u00dd ROK 2026\/2027<\/div><\/div><\/figcaption><\/figure><div class=\"fg-loader\"><\/div><\/div><div class=\"fg-item fg-type-iframe fg-idle\"><figure class=\"fg-item-inner\"><a href=\"https:\/\/www.zus-exnarova.sk\/1234\/ponuka-pracovneho-miesta-3\/\" data-attachment-id=\"3965\" class=\"foogallery-thumb  fg-thumb\" data-type=\"iframe\"><span class=\"fg-image-wrap\"><img decoding=\"async\" class=\"bf-img skip-lazy fg-image\" height=\"250\" width=\"250\" data-src-fg=\"https:\/\/www.zus-exnarova.sk\/1234\/wp-content\/uploads\/cache\/2026\/04\/ponuka-pracovneho-miesta-01\/3959562839.jpg\" src=\"data:image\/svg+xml,%3Csvg%20xmlns%3D%22http%3A%2F%2Fwww.w3.org%2F2000%2Fsvg%22%20width%3D%22250%22%20height%3D%22250%22%20viewBox%3D%220%200%20250%20250%22%3E%3C%2Fsvg%3E\" loading=\"eager\"><\/span><span class=\"fg-image-overlay\"><\/span><\/a><figcaption class=\"fg-caption\"><div class=\"fg-caption-inner\"><\/div><\/figcaption><\/figure><div class=\"fg-loader\"><\/div><\/div><div class=\"fg-item fg-type-image fg-idle\"><figure class=\"fg-item-inner\"><a href=\"https:\/\/www.zus-exnarova.sk\/1234\/wp-content\/uploads\/2026\/03\/Velkonocny-pozdrav-fb.jpg\" data-attachment-id=\"3839\" class=\"foogallery-thumb  fg-thumb\" data-type=\"image\"><span class=\"fg-image-wrap\"><img decoding=\"async\" class=\"bf-img skip-lazy fg-image\" height=\"250\" width=\"250\" data-src-fg=\"https:\/\/www.zus-exnarova.sk\/1234\/wp-content\/uploads\/cache\/2026\/03\/Velkonocny-pozdrav-fb\/1664019324.jpg\" src=\"data:image\/svg+xml,%3Csvg%20xmlns%3D%22http%3A%2F%2Fwww.w3.org%2F2000%2Fsvg%22%20width%3D%22250%22%20height%3D%22250%22%20viewBox%3D%220%200%20250%20250%22%3E%3C%2Fsvg%3E\" loading=\"eager\"><\/span><span class=\"fg-image-overlay\"><\/span><\/a><figcaption class=\"fg-caption\"><div class=\"fg-caption-inner\"><\/div><\/figcaption><\/figure><div class=\"fg-loader\"><\/div><\/div><div class=\"fg-item fg-type-image fg-idle\"><figure class=\"fg-item-inner\"><a href=\"https:\/\/www.zus-exnarova.sk\/1234\/wp-content\/uploads\/2026\/03\/Pozvanka-Ja-umelec-vystava.jpg\" data-attachment-id=\"3840\" class=\"foogallery-thumb  fg-thumb\" data-type=\"image\"><span class=\"fg-image-wrap\"><img decoding=\"async\" class=\"bf-img skip-lazy fg-image\" height=\"250\" width=\"250\" data-src-fg=\"https:\/\/www.zus-exnarova.sk\/1234\/wp-content\/uploads\/cache\/2026\/03\/Pozvanka-Ja-umelec-vystava\/4052599311.jpg\" src=\"data:image\/svg+xml,%3Csvg%20xmlns%3D%22http%3A%2F%2Fwww.w3.org%2F2000%2Fsvg%22%20width%3D%22250%22%20height%3D%22250%22%20viewBox%3D%220%200%20250%20250%22%3E%3C%2Fsvg%3E\" loading=\"eager\"><\/span><span class=\"fg-image-overlay\"><\/span><\/a><figcaption class=\"fg-caption\"><div class=\"fg-caption-inner\"><\/div><\/figcaption><\/figure><div class=\"fg-loader\"><\/div><\/div><div class=\"fg-item fg-type-image fg-idle\"><figure class=\"fg-item-inner\"><a href=\"https:\/\/www.zus-exnarova.sk\/1234\/wp-content\/uploads\/2026\/03\/hdimg03fc60df042735d8e30ad1616980b7.jpg\" data-caption-title=\"V\u00fdstava \u017eiakov V\u00fdtvarn\u00e9ho odboru potrv\u00e1 v priestoroch Slovenskej filharm\u00f3nie do 15.3.2026\" data-attachment-id=\"3807\" class=\"foogallery-thumb  fg-thumb\" data-type=\"image\"><span class=\"fg-image-wrap\"><img decoding=\"async\" title=\"V\u00fdstava \u017eiakov V\u00fdtvarn\u00e9ho odboru potrv\u00e1 v priestoroch Slovenskej filharm\u00f3nie do 15.3.2026\" class=\"bf-img skip-lazy fg-image\" height=\"250\" width=\"250\" data-src-fg=\"https:\/\/www.zus-exnarova.sk\/1234\/wp-content\/uploads\/cache\/2026\/03\/hdimg03fc60df042735d8e30ad1616980b7\/1395887690.jpg\" src=\"data:image\/svg+xml,%3Csvg%20xmlns%3D%22http%3A%2F%2Fwww.w3.org%2F2000%2Fsvg%22%20width%3D%22250%22%20height%3D%22250%22%20viewBox%3D%220%200%20250%20250%22%3E%3C%2Fsvg%3E\" loading=\"eager\"><\/span><span class=\"fg-image-overlay\"><\/span><\/a><figcaption class=\"fg-caption\"><div class=\"fg-caption-inner\"><div class=\"fg-caption-title\">V\u00fdstava \u017eiakov V\u00fdtvarn\u00e9ho odboru potrv\u00e1 v priestoroch Slovenskej filharm\u00f3nie do 15.3.2026<\/div><\/div><\/figcaption><\/figure><div class=\"fg-loader\"><\/div><\/div><div class=\"fg-item fg-type-iframe fg-idle\"><figure class=\"fg-item-inner\"><a href=\"https:\/\/www.zus-exnarova.sk\/1234\/slavik-slovenska-2025-krajske-kolo-bratislava\/\" data-caption-title=\"Pozv\u00e1nka na okresn\u00e9 kolo 34. ro\u010dn\u00edka celo\u0161t\u00e1tnej spev\u00e1ckej s\u00fa\u0165a\u017ee\r\nv interpret\u00e1cii slovenskej \u013eudovej piesne \u201eSl\u00e1vik Slovenska 2026\u201c\" data-attachment-id=\"2880\" class=\"foogallery-thumb  fg-thumb\" data-type=\"iframe\"><span class=\"fg-image-wrap\"><img decoding=\"async\" title=\"Pozv\u00e1nka na okresn\u00e9 kolo 34. ro\u010dn\u00edka celo\u0161t\u00e1tnej spev\u00e1ckej s\u00fa\u0165a\u017ee\r\nv interpret\u00e1cii slovenskej \u013eudovej piesne \u201eSl\u00e1vik Slovenska 2026\u201c\" class=\"bf-img skip-lazy fg-image\" height=\"250\" width=\"250\" data-src-fg=\"https:\/\/www.zus-exnarova.sk\/1234\/wp-content\/uploads\/cache\/2024\/05\/SS\/321983953.jpg\" src=\"data:image\/svg+xml,%3Csvg%20xmlns%3D%22http%3A%2F%2Fwww.w3.org%2F2000%2Fsvg%22%20width%3D%22250%22%20height%3D%22250%22%20viewBox%3D%220%200%20250%20250%22%3E%3C%2Fsvg%3E\" loading=\"eager\"><\/span><span class=\"fg-image-overlay\"><\/span><\/a><figcaption class=\"fg-caption\"><div class=\"fg-caption-inner\"><div class=\"fg-caption-title\">Pozv\u00e1nka na okresn\u00e9 kolo 34. ro\u010dn\u00edka celo\u0161t\u00e1tnej spev\u00e1ckej s\u00fa\u0165a\u017ee\r\nv interpret\u00e1cii slovenskej \u013eudovej piesne \u201eSl\u00e1vik Slovenska 2026\u201c<\/div><\/div><\/figcaption><\/figure><div class=\"fg-loader\"><\/div><\/div><div class=\"fg-item fg-type-iframe fg-idle\"><figure class=\"fg-item-inner\"><a href=\"https:\/\/www.zus-exnarova.sk\/1234\/rada-skoly-pri-zus-exnarova-6\/\" data-caption-title=\"Oznam o konan\u00ed volieb do rady \u0161koly pri ZU\u0160 Exn\u00e1rova 6\" data-attachment-id=\"2928\" class=\"foogallery-thumb  fg-thumb\" data-type=\"iframe\"><span class=\"fg-image-wrap\"><img decoding=\"async\" title=\"Oznam o konan\u00ed volieb do rady \u0161koly pri ZU\u0160 Exn\u00e1rova 6\" class=\"bf-img skip-lazy fg-image\" height=\"250\" width=\"250\" data-src-fg=\"https:\/\/www.zus-exnarova.sk\/1234\/wp-content\/uploads\/cache\/2024\/05\/OZNAM\/1035372789.jpg\" src=\"data:image\/svg+xml,%3Csvg%20xmlns%3D%22http%3A%2F%2Fwww.w3.org%2F2000%2Fsvg%22%20width%3D%22250%22%20height%3D%22250%22%20viewBox%3D%220%200%20250%20250%22%3E%3C%2Fsvg%3E\" loading=\"eager\"><\/span><span class=\"fg-image-overlay\"><\/span><\/a><figcaption class=\"fg-caption\"><div class=\"fg-caption-inner\"><div class=\"fg-caption-title\">Oznam o konan\u00ed volieb do rady \u0161koly pri ZU\u0160 Exn\u00e1rova 6<\/div><\/div><\/figcaption><\/figure><div class=\"fg-loader\"><\/div><\/div><div class=\"fg-item fg-type-image fg-idle\"><figure class=\"fg-item-inner\"><a href=\"https:\/\/www.zus-exnarova.sk\/1234\/wp-content\/uploads\/2026\/03\/plagat-prehliadka-hra-na-klaviri-01.jpg\" data-attachment-id=\"3827\" class=\"foogallery-thumb  fg-thumb\" data-type=\"image\"><span class=\"fg-image-wrap\"><img decoding=\"async\" class=\"bf-img skip-lazy fg-image\" height=\"250\" width=\"250\" data-src-fg=\"https:\/\/www.zus-exnarova.sk\/1234\/wp-content\/uploads\/cache\/2026\/03\/plagat-prehliadka-hra-na-klaviri-01\/3428734529.jpg\" src=\"data:image\/svg+xml,%3Csvg%20xmlns%3D%22http%3A%2F%2Fwww.w3.org%2F2000%2Fsvg%22%20width%3D%22250%22%20height%3D%22250%22%20viewBox%3D%220%200%20250%20250%22%3E%3C%2Fsvg%3E\" loading=\"eager\"><\/span><span class=\"fg-image-overlay\"><\/span><\/a><figcaption class=\"fg-caption\"><div class=\"fg-caption-inner\"><\/div><\/figcaption><\/figure><div class=\"fg-loader\"><\/div><\/div><div class=\"fg-item fg-type-iframe fg-idle\"><figure class=\"fg-item-inner\"><a href=\"https:\/\/www.zus-exnarova.sk\/1234\/pridajte-sa-k-nam-vasimi-2\/\" data-caption-title=\"PRIDAJTE SA K N\u00c1M VA\u0160IMI 2%\" data-attachment-id=\"3656\" class=\"foogallery-thumb  fg-thumb\" data-type=\"iframe\"><span class=\"fg-image-wrap\"><img decoding=\"async\" title=\"PRIDAJTE SA K N\u00c1M VA\u0160IMI 2%\" class=\"bf-img skip-lazy fg-image\" height=\"250\" width=\"250\" data-src-fg=\"https:\/\/www.zus-exnarova.sk\/1234\/wp-content\/uploads\/cache\/2026\/01\/2-percenta-web-01-1\/2686369798.jpg\" src=\"data:image\/svg+xml,%3Csvg%20xmlns%3D%22http%3A%2F%2Fwww.w3.org%2F2000%2Fsvg%22%20width%3D%22250%22%20height%3D%22250%22%20viewBox%3D%220%200%20250%20250%22%3E%3C%2Fsvg%3E\" loading=\"eager\"><\/span><span class=\"fg-image-overlay\"><\/span><\/a><figcaption class=\"fg-caption\"><div class=\"fg-caption-inner\"><div class=\"fg-caption-title\">PRIDAJTE SA K N\u00c1M VA\u0160IMI 2%<\/div><\/div><\/figcaption><\/figure><div class=\"fg-loader\"><\/div><\/div><div class=\"fg-item fg-type-image fg-idle\"><figure class=\"fg-item-inner\"><a href=\"https:\/\/www.zus-exnarova.sk\/1234\/wp-content\/uploads\/2026\/03\/koncert-ucitelov-plagat-01-scaled.jpg\" data-caption-title=\"Koncert ku D\u0148u u\u010dite\u013eov 19. marca 2026 o 17:00 h v CC Centre, Jir\u00e1skova 3\" data-attachment-id=\"3798\" class=\"foogallery-thumb  fg-thumb\" data-type=\"image\"><span class=\"fg-image-wrap\"><img decoding=\"async\" title=\"Koncert ku D\u0148u u\u010dite\u013eov 19. marca 2026 o 17:00 h v CC Centre, Jir\u00e1skova 3\" class=\"bf-img skip-lazy fg-image\" height=\"250\" width=\"250\" data-src-fg=\"https:\/\/www.zus-exnarova.sk\/1234\/wp-content\/uploads\/cache\/2026\/03\/koncert-ucitelov-plagat-01-scaled\/3528957348.jpg\" src=\"data:image\/svg+xml,%3Csvg%20xmlns%3D%22http%3A%2F%2Fwww.w3.org%2F2000%2Fsvg%22%20width%3D%22250%22%20height%3D%22250%22%20viewBox%3D%220%200%20250%20250%22%3E%3C%2Fsvg%3E\" loading=\"eager\"><\/span><span class=\"fg-image-overlay\"><\/span><\/a><figcaption class=\"fg-caption\"><div class=\"fg-caption-inner\"><div class=\"fg-caption-title\">Koncert ku D\u0148u u\u010dite\u013eov 19. marca 2026 o 17:00 h v CC Centre, Jir\u00e1skova 3<\/div><\/div><\/figcaption><\/figure><div class=\"fg-loader\"><\/div><\/div><div class=\"fg-item fg-type-iframe fg-idle\"><figure class=\"fg-item-inner\"><a href=\"https:\/\/www.zus-exnarova.sk\/1234\/divadelne-piatky-pre-skoly\/\" data-caption-title=\"DIVADELN\u00c9 PIATKY - ponuka pre \u0161koly\" data-attachment-id=\"3459\" class=\"foogallery-thumb  fg-thumb\" data-type=\"iframe\"><span class=\"fg-image-wrap\"><img decoding=\"async\" title=\"DIVADELN\u00c9 PIATKY - ponuka pre \u0161koly\" class=\"bf-img skip-lazy fg-image\" height=\"250\" width=\"250\" data-src-fg=\"https:\/\/www.zus-exnarova.sk\/1234\/wp-content\/uploads\/cache\/2025\/12\/LDO-ponuka-predstavenia-2025-01\/241462540.jpg\" src=\"data:image\/svg+xml,%3Csvg%20xmlns%3D%22http%3A%2F%2Fwww.w3.org%2F2000%2Fsvg%22%20width%3D%22250%22%20height%3D%22250%22%20viewBox%3D%220%200%20250%20250%22%3E%3C%2Fsvg%3E\" loading=\"eager\"><\/span><span class=\"fg-image-overlay\"><\/span><\/a><figcaption class=\"fg-caption\"><div class=\"fg-caption-inner\"><div class=\"fg-caption-title\">DIVADELN\u00c9 PIATKY - ponuka pre \u0161koly<\/div><\/div><\/figcaption><\/figure><div class=\"fg-loader\"><\/div><\/div><div class=\"fg-item fg-type-image fg-idle\"><figure class=\"fg-item-inner\"><a href=\"https:\/\/www.zus-exnarova.sk\/1234\/wp-content\/uploads\/2025\/12\/prianie-Vianoce-01.jpg\" data-caption-title=\"Vesel\u00e9 Vianoce a \u0161\u0165astn\u00fd nov\u00fd rok 2026\" data-attachment-id=\"3606\" class=\"foogallery-thumb  fg-thumb\" data-type=\"image\"><span class=\"fg-image-wrap\"><img decoding=\"async\" title=\"Vesel\u00e9 Vianoce a \u0161\u0165astn\u00fd nov\u00fd rok 2026\" class=\"bf-img skip-lazy fg-image\" height=\"250\" width=\"250\" data-src-fg=\"https:\/\/www.zus-exnarova.sk\/1234\/wp-content\/uploads\/cache\/2025\/12\/prianie-Vianoce-01\/1426179899.jpg\" src=\"data:image\/svg+xml,%3Csvg%20xmlns%3D%22http%3A%2F%2Fwww.w3.org%2F2000%2Fsvg%22%20width%3D%22250%22%20height%3D%22250%22%20viewBox%3D%220%200%20250%20250%22%3E%3C%2Fsvg%3E\" loading=\"eager\"><\/span><span class=\"fg-image-overlay\"><\/span><\/a><figcaption class=\"fg-caption\"><div class=\"fg-caption-inner\"><div class=\"fg-caption-title\">Vesel\u00e9 Vianoce a \u0161\u0165astn\u00fd nov\u00fd rok 2026<\/div><\/div><\/figcaption><\/figure><div class=\"fg-loader\"><\/div><\/div><div class=\"fg-item fg-type-image fg-idle\"><figure class=\"fg-item-inner\"><a href=\"https:\/\/www.zus-exnarova.sk\/1234\/wp-content\/uploads\/2025\/12\/plagat-2-vianocny-koncert.jpg\" data-caption-title=\"Poz\u00fdvame na II. Viano\u010dn\u00fd koncert\" data-attachment-id=\"3458\" class=\"foogallery-thumb  fg-thumb\" data-type=\"image\"><span class=\"fg-image-wrap\"><img decoding=\"async\" title=\"Poz\u00fdvame na II. Viano\u010dn\u00fd koncert\" class=\"bf-img skip-lazy fg-image\" height=\"250\" width=\"250\" data-src-fg=\"https:\/\/www.zus-exnarova.sk\/1234\/wp-content\/uploads\/cache\/2025\/12\/plagat-2-vianocny-koncert\/3702387581.jpg\" src=\"data:image\/svg+xml,%3Csvg%20xmlns%3D%22http%3A%2F%2Fwww.w3.org%2F2000%2Fsvg%22%20width%3D%22250%22%20height%3D%22250%22%20viewBox%3D%220%200%20250%20250%22%3E%3C%2Fsvg%3E\" loading=\"eager\"><\/span><span class=\"fg-image-overlay\"><\/span><\/a><figcaption class=\"fg-caption\"><div class=\"fg-caption-inner\"><div class=\"fg-caption-title\">Poz\u00fdvame na II. Viano\u010dn\u00fd koncert<\/div><\/div><\/figcaption><\/figure><div class=\"fg-loader\"><\/div><\/div><div class=\"fg-item fg-type-image fg-idle\"><figure class=\"fg-item-inner\"><a href=\"https:\/\/www.zus-exnarova.sk\/1234\/wp-content\/uploads\/2025\/12\/hviezda-vianocny-koncert-na-web-01.jpg\" data-caption-title=\"Poz\u00fdvame na I. Viano\u010dn\u00fd koncert\" data-attachment-id=\"3457\" class=\"foogallery-thumb  fg-thumb\" data-type=\"image\"><span class=\"fg-image-wrap\"><img decoding=\"async\" title=\"Poz\u00fdvame na I. Viano\u010dn\u00fd koncert\" class=\"bf-img skip-lazy fg-image\" height=\"250\" width=\"250\" data-src-fg=\"https:\/\/www.zus-exnarova.sk\/1234\/wp-content\/uploads\/cache\/2025\/12\/hviezda-vianocny-koncert-na-web-01\/745595575.jpg\" src=\"data:image\/svg+xml,%3Csvg%20xmlns%3D%22http%3A%2F%2Fwww.w3.org%2F2000%2Fsvg%22%20width%3D%22250%22%20height%3D%22250%22%20viewBox%3D%220%200%20250%20250%22%3E%3C%2Fsvg%3E\" loading=\"eager\"><\/span><span class=\"fg-image-overlay\"><\/span><\/a><figcaption class=\"fg-caption\"><div class=\"fg-caption-inner\"><div class=\"fg-caption-title\">Poz\u00fdvame na I. Viano\u010dn\u00fd koncert<\/div><\/div><\/figcaption><\/figure><div class=\"fg-loader\"><\/div><\/div><div class=\"fg-item fg-type-iframe fg-idle\"><figure class=\"fg-item-inner\"><a href=\"https:\/\/www.zus-exnarova.sk\/1234\/venujte-nam-60-sekund-a-dajte-hlas-nasmu-stromceku-c-14-dakujeme\/\" data-caption-title=\"Blaho\u017eel\u00e1me na\u0161im \u017eiakom \ud83d\ude0dz V\u00fdtvarn\u00e9ho odboru\ud83e\udd29V 9. ro\u010dn\u00edku projektu Viano\u010dn\u00fd les - s\u00fa\u0165a\u017e o naj\u010darovnej\u0161ie ozdoben\u00fd strom\u010dek \ud83c\udf84\ud83c\udf84\ud83c\udf84 z\u00edskali \u0160peci\u00e1lne ocenenie IKEA \ud83c\udf84za origin\u00e1lne vytvoren\u00e9 ozdoby \ud83e\udd29\ud83e\udd73Blaho\u017eel\u00e1me aj pani u\u010dite\u013ek\u00e1m a \u010fakujeme za spolupr\u00e1cu\ud83c\udf84\" data-attachment-id=\"3461\" class=\"foogallery-thumb  fg-thumb\" data-type=\"iframe\"><span class=\"fg-image-wrap\"><img decoding=\"async\" title=\"Blaho\u017eel\u00e1me na\u0161im \u017eiakom \ud83d\ude0dz V\u00fdtvarn\u00e9ho odboru\ud83e\udd29V 9. ro\u010dn\u00edku projektu Viano\u010dn\u00fd les - s\u00fa\u0165a\u017e o naj\u010darovnej\u0161ie ozdoben\u00fd strom\u010dek \ud83c\udf84\ud83c\udf84\ud83c\udf84 z\u00edskali \u0160peci\u00e1lne ocenenie IKEA \ud83c\udf84za origin\u00e1lne vytvoren\u00e9 ozdoby \ud83e\udd29\ud83e\udd73Blaho\u017eel\u00e1me aj pani u\u010dite\u013ek\u00e1m a \u010fakujeme za spolupr\u00e1cu\ud83c\udf84\" class=\"bf-img skip-lazy fg-image\" height=\"250\" width=\"250\" data-src-fg=\"https:\/\/www.zus-exnarova.sk\/1234\/wp-content\/uploads\/cache\/2025\/12\/IMG_5265\/3964213249.jpg\" src=\"data:image\/svg+xml,%3Csvg%20xmlns%3D%22http%3A%2F%2Fwww.w3.org%2F2000%2Fsvg%22%20width%3D%22250%22%20height%3D%22250%22%20viewBox%3D%220%200%20250%20250%22%3E%3C%2Fsvg%3E\" loading=\"eager\"><\/span><span class=\"fg-image-overlay\"><\/span><\/a><figcaption class=\"fg-caption\"><div class=\"fg-caption-inner\"><div class=\"fg-caption-title\">Blaho\u017eel\u00e1me na\u0161im \u017eiakom \ud83d\ude0dz V\u00fdtvarn\u00e9ho odboru\ud83e\udd29V 9. ro\u010dn\u00edku projektu Viano\u010dn\u00fd les - s\u00fa\u0165a\u017e o naj\u010darovnej\u0161ie ozdoben\u00fd strom\u010dek \ud83c\udf84\ud83c\udf84\ud83c\udf84 z\u00edskali \u0160peci\u00e1lne ocenenie IKEA \ud83c\udf84za origin\u00e1lne vytvoren\u00e9 ozdoby \ud83e\udd29\ud83e\udd73Blaho\u017eel\u00e1me aj pani u\u010dite\u013ek\u00e1m a \u010fakujeme za spolupr\u00e1cu\ud83c\udf84<\/div><\/div><\/figcaption><\/figure><div class=\"fg-loader\"><\/div><\/div><div class=\"fg-item fg-type-image fg-idle\"><figure class=\"fg-item-inner\"><a href=\"https:\/\/www.zus-exnarova.sk\/1234\/wp-content\/uploads\/2025\/10\/inauguracny-koncert-Orenburska-2025-01.jpg\" data-attachment-id=\"3402\" class=\"foogallery-thumb  fg-thumb\" data-type=\"image\"><span class=\"fg-image-wrap\"><img decoding=\"async\" class=\"bf-img skip-lazy fg-image\" height=\"250\" width=\"250\" data-src-fg=\"https:\/\/www.zus-exnarova.sk\/1234\/wp-content\/uploads\/cache\/2025\/10\/inauguracny-koncert-Orenburska-2025-01\/2421534018.jpg\" src=\"data:image\/svg+xml,%3Csvg%20xmlns%3D%22http%3A%2F%2Fwww.w3.org%2F2000%2Fsvg%22%20width%3D%22250%22%20height%3D%22250%22%20viewBox%3D%220%200%20250%20250%22%3E%3C%2Fsvg%3E\" loading=\"eager\"><\/span><span class=\"fg-image-overlay\"><\/span><\/a><figcaption class=\"fg-caption\"><div class=\"fg-caption-inner\"><\/div><\/figcaption><\/figure><div class=\"fg-loader\"><\/div><\/div><\/div><\/div>\n\t\t\t\t<\/div>\n\t\t\t\t<\/div>\n\t\t\t\t\t<\/div>\n\t\t\t\t<\/div>\n\t\t\t\t<\/div>\n\t\t","protected":false},"excerpt":{"rendered":"","protected":false},"author":1,"featured_media":0,"parent":0,"menu_order":0,"comment_status":"closed","ping_status":"closed","template":"","meta":{"_monsterinsights_skip_tracking":false,"_monsterinsights_sitenote_active":false,"_monsterinsights_sitenote_note":"","_monsterinsights_sitenote_category":0,"footnotes":""},"class_list":["post-1094","page","type-page","status-publish","hentry"],"yoast_head":"<!-- This site is optimized with the Yoast SEO plugin v23.4 - https:\/\/yoast.com\/wordpress\/plugins\/seo\/ -->\n<title>Z\u00e1kladn\u00e1 Umeleck\u00e1 \u0160kola Exn\u00e1rova 6<\/title>\n<meta name=\"robots\" content=\"index, follow, max-snippet:-1, max-image-preview:large, max-video-preview:-1\" \/>\n<link rel=\"canonical\" href=\"https:\/\/www.zus-exnarova.sk\/1234\/domov\/\" \/>\n<meta property=\"og:locale\" content=\"en_US\" \/>\n<meta property=\"og:type\" content=\"article\" \/>\n<meta property=\"og:title\" content=\"Z\u00e1kladn\u00e1 Umeleck\u00e1 \u0160kola Exn\u00e1rova 6\" \/>\n<meta property=\"og:url\" content=\"https:\/\/www.zus-exnarova.sk\/1234\/domov\/\" \/>\n<meta property=\"og:site_name\" content=\"Z\u00e1kladn\u00e1 Umeleck\u00e1 \u0160kola Exn\u00e1rova 6\" \/>\n<meta property=\"article:modified_time\" content=\"2024-08-28T09:45:22+00:00\" \/>\n<meta name=\"twitter:card\" content=\"summary_large_image\" \/>\n<meta name=\"twitter:label1\" content=\"Est. reading time\" \/>\n\t<meta name=\"twitter:data1\" content=\"1 minute\" \/>\n<script type=\"application\/ld+json\" class=\"yoast-schema-graph\">{\"@context\":\"https:\/\/schema.org\",\"@graph\":[{\"@type\":\"WebPage\",\"@id\":\"https:\/\/www.zus-exnarova.sk\/1234\/domov\/\",\"url\":\"https:\/\/www.zus-exnarova.sk\/1234\/domov\/\",\"name\":\"Z\u00e1kladn\u00e1 Umeleck\u00e1 \u0160kola Exn\u00e1rova 6\",\"isPartOf\":{\"@id\":\"https:\/\/www.zus-exnarova.sk\/1234\/#website\"},\"datePublished\":\"2024-05-16T13:14:37+00:00\",\"dateModified\":\"2024-08-28T09:45:22+00:00\",\"breadcrumb\":{\"@id\":\"https:\/\/www.zus-exnarova.sk\/1234\/domov\/#breadcrumb\"},\"inLanguage\":\"en-US\",\"potentialAction\":[{\"@type\":\"ReadAction\",\"target\":[\"https:\/\/www.zus-exnarova.sk\/1234\/domov\/\"]}]},{\"@type\":\"BreadcrumbList\",\"@id\":\"https:\/\/www.zus-exnarova.sk\/1234\/domov\/#breadcrumb\",\"itemListElement\":[{\"@type\":\"ListItem\",\"position\":1,\"name\":\"Home\",\"item\":\"https:\/\/www.zus-exnarova.sk\/1234\/\"},{\"@type\":\"ListItem\",\"position\":2,\"name\":\"Domov\"}]},{\"@type\":\"WebSite\",\"@id\":\"https:\/\/www.zus-exnarova.sk\/1234\/#website\",\"url\":\"https:\/\/www.zus-exnarova.sk\/1234\/\",\"name\":\"Z\u00e1kladn\u00e1 Umeleck\u00e1 \u0160kola Exn\u00e1rova 6\",\"description\":\"\",\"potentialAction\":[{\"@type\":\"SearchAction\",\"target\":{\"@type\":\"EntryPoint\",\"urlTemplate\":\"https:\/\/www.zus-exnarova.sk\/1234\/?s={search_term_string}\"},\"query-input\":{\"@type\":\"PropertyValueSpecification\",\"valueRequired\":true,\"valueName\":\"search_term_string\"}}],\"inLanguage\":\"en-US\"}]}<\/script>\n<!-- \/ Yoast SEO plugin. -->","yoast_head_json":{"title":"Z\u00e1kladn\u00e1 Umeleck\u00e1 \u0160kola Exn\u00e1rova 6","robots":{"index":"index","follow":"follow","max-snippet":"max-snippet:-1","max-image-preview":"max-image-preview:large","max-video-preview":"max-video-preview:-1"},"canonical":"https:\/\/www.zus-exnarova.sk\/1234\/domov\/","og_locale":"en_US","og_type":"article","og_title":"Z\u00e1kladn\u00e1 Umeleck\u00e1 \u0160kola Exn\u00e1rova 6","og_url":"https:\/\/www.zus-exnarova.sk\/1234\/domov\/","og_site_name":"Z\u00e1kladn\u00e1 Umeleck\u00e1 \u0160kola Exn\u00e1rova 6","article_modified_time":"2024-08-28T09:45:22+00:00","twitter_card":"summary_large_image","twitter_misc":{"Est. reading time":"1 minute"},"schema":{"@context":"https:\/\/schema.org","@graph":[{"@type":"WebPage","@id":"https:\/\/www.zus-exnarova.sk\/1234\/domov\/","url":"https:\/\/www.zus-exnarova.sk\/1234\/domov\/","name":"Z\u00e1kladn\u00e1 Umeleck\u00e1 \u0160kola Exn\u00e1rova 6","isPartOf":{"@id":"https:\/\/www.zus-exnarova.sk\/1234\/#website"},"datePublished":"2024-05-16T13:14:37+00:00","dateModified":"2024-08-28T09:45:22+00:00","breadcrumb":{"@id":"https:\/\/www.zus-exnarova.sk\/1234\/domov\/#breadcrumb"},"inLanguage":"en-US","potentialAction":[{"@type":"ReadAction","target":["https:\/\/www.zus-exnarova.sk\/1234\/domov\/"]}]},{"@type":"BreadcrumbList","@id":"https:\/\/www.zus-exnarova.sk\/1234\/domov\/#breadcrumb","itemListElement":[{"@type":"ListItem","position":1,"name":"Home","item":"https:\/\/www.zus-exnarova.sk\/1234\/"},{"@type":"ListItem","position":2,"name":"Domov"}]},{"@type":"WebSite","@id":"https:\/\/www.zus-exnarova.sk\/1234\/#website","url":"https:\/\/www.zus-exnarova.sk\/1234\/","name":"Z\u00e1kladn\u00e1 Umeleck\u00e1 \u0160kola Exn\u00e1rova 6","description":"","potentialAction":[{"@type":"SearchAction","target":{"@type":"EntryPoint","urlTemplate":"https:\/\/www.zus-exnarova.sk\/1234\/?s={search_term_string}"},"query-input":{"@type":"PropertyValueSpecification","valueRequired":true,"valueName":"search_term_string"}}],"inLanguage":"en-US"}]}},"_links":{"self":[{"href":"https:\/\/www.zus-exnarova.sk\/1234\/wp-json\/wp\/v2\/pages\/1094"}],"collection":[{"href":"https:\/\/www.zus-exnarova.sk\/1234\/wp-json\/wp\/v2\/pages"}],"about":[{"href":"https:\/\/www.zus-exnarova.sk\/1234\/wp-json\/wp\/v2\/types\/page"}],"author":[{"embeddable":true,"href":"https:\/\/www.zus-exnarova.sk\/1234\/wp-json\/wp\/v2\/users\/1"}],"replies":[{"embeddable":true,"href":"https:\/\/www.zus-exnarova.sk\/1234\/wp-json\/wp\/v2\/comments?post=1094"}],"version-history":[{"count":6,"href":"https:\/\/www.zus-exnarova.sk\/1234\/wp-json\/wp\/v2\/pages\/1094\/revisions"}],"predecessor-version":[{"id":1767,"href":"https:\/\/www.zus-exnarova.sk\/1234\/wp-json\/wp\/v2\/pages\/1094\/revisions\/1767"}],"wp:attachment":[{"href":"https:\/\/www.zus-exnarova.sk\/1234\/wp-json\/wp\/v2\/media?parent=1094"}],"curies":[{"name":"wp","href":"https:\/\/api.w.org\/{rel}","templated":true}]}}