{"id":410,"date":"2024-04-26T09:45:13","date_gmt":"2024-04-26T07:45:13","guid":{"rendered":"https:\/\/www.zus-exnarova.sk\/1234\/?page_id=410"},"modified":"2026-02-05T09:31:01","modified_gmt":"2026-02-05T08:31:01","slug":"o-nas","status":"publish","type":"page","link":"https:\/\/www.zus-exnarova.sk\/1234\/o-nas\/","title":{"rendered":"O N\u00c1S"},"content":{"rendered":"\t\t<div data-elementor-type=\"wp-page\" data-elementor-id=\"410\" class=\"elementor elementor-410\">\n\t\t\t\t<div class=\"elementor-element elementor-element-0a8430e e-flex e-con-boxed e-con e-parent\" data-id=\"0a8430e\" data-element_type=\"container\" data-settings=\"{&quot;background_background&quot;:&quot;classic&quot;}\">\n\t\t\t\t\t<div class=\"e-con-inner\">\n\t\t\t\t<div class=\"elementor-element elementor-element-9471e5c elementor-widget elementor-widget-heading\" data-id=\"9471e5c\" data-element_type=\"widget\" data-widget_type=\"heading.default\">\n\t\t\t\t<div class=\"elementor-widget-container\">\n\t\t\t<h2 class=\"elementor-heading-title elementor-size-default\"> O N\u00c1S<\/h2>\t\t<\/div>\n\t\t\t\t<\/div>\n\t\t\t\t<div class=\"elementor-element elementor-element-1990c03 elementor-widget elementor-widget-text-editor\" data-id=\"1990c03\" data-element_type=\"widget\" data-widget_type=\"text-editor.default\">\n\t\t\t\t<div class=\"elementor-widget-container\">\n\t\t\t\t\t\t\t<h4>Umeleck\u00e9 vzdel\u00e1vanie prostredn\u00edctvom z\u00e1kladn\u00fdch umeleck\u00fdch \u0161k\u00f4l v\u00fdznamn\u00fdm sp\u00f4sobom dop\u013a\u0148a v\u0161eobecn\u00e9 vzdel\u00e1vanie. Deti a ml\u00e1de\u017e str\u00e1caj\u00fa vplyvom prostredia, v\u00fdchovy a tie\u017e zmeny spolo\u010densk\u00fdch hodn\u00f4t, prirodzen\u00fa schopnos\u0165 tvorivosti. Z\u00e1kladn\u00e9 umeleck\u00e9 \u0161koly vytv\u00e1raj\u00fa priestor, ktor\u00e9 de\u0165om otv\u00e1ra nov\u00e9 obzory, a ukazuje im, \u017ee tvorba a tvorivos\u0165 m\u00f4\u017eu ich \u017eivot obohati\u0165 a prinies\u0165 pozit\u00edvny pocit naplnenia.<\/h4><h4>Ka\u017ed\u00e9 die\u0165a, ka\u017ed\u00fd mlad\u00fd \u010dlovek dok\u00e1\u017ee vn\u00edma\u0165 hudbu, pohyb, intenzitu zvukov\u00fdch aj re\u00e1lnych farieb. Po\u010d\u00favan\u00fa piese\u0148 intuit\u00edvne sprev\u00e1dza pohybom, vlastn\u00fdm rytmick\u00fdm \u010di melodick\u00fdm sprievodom. T\u00fato prvotn\u00fa umeleck\u00fa sk\u00fasenos\u0165 vn\u00edma celostne a bez predsudkov. Ak sa nach\u00e1dza v spr\u00e1vnom \u010dase na spr\u00e1vnom mieste, mo\u017eno jeho hudobno-umeleck\u00e9 aktivity postupne kultivova\u0165 a integrova\u0165\u00a0 do ka\u017edodenn\u00e9ho rytmu \u017eivota. Pravideln\u00e9 stretnutia s umen\u00edm tak postupne dotv\u00e1raj\u00fa individu\u00e1lnu osobnos\u0165 die\u0165a \u2013 \u010dloveka.<\/h4><h4>Na\u0161a Z\u00e1kladn\u00e1 umeleck\u00e1 \u0161kola Exn\u00e1rova s\u00fastre\u010fuje vo svojich priestoroch\u00a0 kreat\u00edvnych jedincov v\u0161etk\u00fdch vekov\u00fdch kateg\u00f3ri\u00ed a umeleck\u00fdch zameran\u00ed. Pozit\u00edvny \u00fa\u010dinok hudby, v\u00fdtvarn\u00e9ho a pohybov\u00e9ho umenia na rozvoj my\u0161lienkov\u00fdch schopnost\u00ed potvrdzuje mno\u017estvo odborn\u00fdch \u0161t\u00fadi\u00ed. Umenie ako celok v\u00fdznamne ovplyv\u0148uje kognit\u00edvne funkcie, intelektu\u00e1lne schopnosti, emocion\u00e1lne a najm\u00e4 soci\u00e1lne c\u00edtenie.<\/h4><h4>\u0160kola \u00faspe\u0161ne pripravuje \u017eiakov na prij\u00edmacie sk\u00fa\u0161ky na stredn\u00e9 a vysok\u00e9 umeleck\u00e9 \u0161koly s hudobn\u00fdm alebo v\u00fdtvarn\u00fdm zameran\u00edm.<\/h4><h4>Talentovan\u00ed \u017eiaci sa z\u00fa\u010dast\u0148uj\u00fa na celoslovensk\u00fdch a medzin\u00e1rodn\u00fdch s\u00fa\u0165a\u017eiach.<\/h4><h4>Z\u00e1kladn\u00e1 umeleck\u00e1 \u0161kola Exn\u00e1rova patr\u00ed k vyh\u013ead\u00e1van\u00fdm partnerom pre \u00fa\u010dinkovanie na podujatiach pre r\u00f4zne v\u00fdznamn\u00e9 in\u0161tit\u00facie.<\/h4><h4>Z\u00e1kladn\u00e1 umeleck\u00e1 \u0161kola Exn\u00e1rova 6 &#8211; \u010dlen Asoci\u00e1cie z\u00e1kladn\u00fdch umeleck\u00fdch \u0161k\u00f4l SR EMU Slovakia.<\/h4>\t\t\t\t\t\t<\/div>\n\t\t\t\t<\/div>\n\t\t\t\t\t<\/div>\n\t\t\t\t<\/div>\n\t\t\t\t<\/div>\n\t\t","protected":false},"excerpt":{"rendered":"<p>O N\u00c1S Umeleck\u00e9 vzdel\u00e1vanie prostredn\u00edctvom z\u00e1kladn\u00fdch umeleck\u00fdch \u0161k\u00f4l v\u00fdznamn\u00fdm sp\u00f4sobom dop\u013a\u0148a v\u0161eobecn\u00e9 vzdel\u00e1vanie. Deti a ml\u00e1de\u017e str\u00e1caj\u00fa vplyvom prostredia, v\u00fdchovy a tie\u017e zmeny spolo\u010densk\u00fdch hodn\u00f4t, prirodzen\u00fa schopnos\u0165 tvorivosti. Z\u00e1kladn\u00e9 umeleck\u00e9 \u0161koly vytv\u00e1raj\u00fa priestor, ktor\u00e9 de\u0165om otv\u00e1ra nov\u00e9 obzory, a ukazuje im, \u017ee tvorba a tvorivos\u0165 m\u00f4\u017eu ich \u017eivot obohati\u0165 a prinies\u0165 pozit\u00edvny pocit naplnenia. Ka\u017ed\u00e9 [&hellip;]<\/p>\n","protected":false},"author":1,"featured_media":0,"parent":0,"menu_order":0,"comment_status":"closed","ping_status":"closed","template":"","meta":{"_monsterinsights_skip_tracking":false,"_monsterinsights_sitenote_active":false,"_monsterinsights_sitenote_note":"","_monsterinsights_sitenote_category":0,"footnotes":""},"class_list":["post-410","page","type-page","status-publish","hentry"],"yoast_head":"<!-- This site is optimized with the Yoast SEO plugin v23.4 - https:\/\/yoast.com\/wordpress\/plugins\/seo\/ -->\n<title>O N\u00c1S - Z\u00e1kladn\u00e1 Umeleck\u00e1 \u0160kola Exn\u00e1rova 6<\/title>\n<meta name=\"robots\" content=\"index, follow, max-snippet:-1, max-image-preview:large, max-video-preview:-1\" \/>\n<link rel=\"canonical\" href=\"https:\/\/www.zus-exnarova.sk\/1234\/o-nas\/\" \/>\n<meta property=\"og:locale\" content=\"en_US\" \/>\n<meta property=\"og:type\" content=\"article\" \/>\n<meta property=\"og:title\" content=\"O N\u00c1S - Z\u00e1kladn\u00e1 Umeleck\u00e1 \u0160kola Exn\u00e1rova 6\" \/>\n<meta property=\"og:description\" content=\"O N\u00c1S Umeleck\u00e9 vzdel\u00e1vanie prostredn\u00edctvom z\u00e1kladn\u00fdch umeleck\u00fdch \u0161k\u00f4l v\u00fdznamn\u00fdm sp\u00f4sobom dop\u013a\u0148a v\u0161eobecn\u00e9 vzdel\u00e1vanie. Deti a ml\u00e1de\u017e str\u00e1caj\u00fa vplyvom prostredia, v\u00fdchovy a tie\u017e zmeny spolo\u010densk\u00fdch hodn\u00f4t, prirodzen\u00fa schopnos\u0165 tvorivosti. Z\u00e1kladn\u00e9 umeleck\u00e9 \u0161koly vytv\u00e1raj\u00fa priestor, ktor\u00e9 de\u0165om otv\u00e1ra nov\u00e9 obzory, a ukazuje im, \u017ee tvorba a tvorivos\u0165 m\u00f4\u017eu ich \u017eivot obohati\u0165 a prinies\u0165 pozit\u00edvny pocit naplnenia. Ka\u017ed\u00e9 [&hellip;]\" \/>\n<meta property=\"og:url\" content=\"https:\/\/www.zus-exnarova.sk\/1234\/o-nas\/\" \/>\n<meta property=\"og:site_name\" content=\"Z\u00e1kladn\u00e1 Umeleck\u00e1 \u0160kola Exn\u00e1rova 6\" \/>\n<meta property=\"article:modified_time\" content=\"2026-02-05T08:31:01+00:00\" \/>\n<meta name=\"twitter:card\" content=\"summary_large_image\" \/>\n<meta name=\"twitter:label1\" content=\"Est. reading time\" \/>\n\t<meta name=\"twitter:data1\" content=\"1 minute\" \/>\n<script type=\"application\/ld+json\" class=\"yoast-schema-graph\">{\"@context\":\"https:\/\/schema.org\",\"@graph\":[{\"@type\":\"WebPage\",\"@id\":\"https:\/\/www.zus-exnarova.sk\/1234\/o-nas\/\",\"url\":\"https:\/\/www.zus-exnarova.sk\/1234\/o-nas\/\",\"name\":\"O N\u00c1S - Z\u00e1kladn\u00e1 Umeleck\u00e1 \u0160kola Exn\u00e1rova 6\",\"isPartOf\":{\"@id\":\"https:\/\/www.zus-exnarova.sk\/1234\/#website\"},\"datePublished\":\"2024-04-26T07:45:13+00:00\",\"dateModified\":\"2026-02-05T08:31:01+00:00\",\"breadcrumb\":{\"@id\":\"https:\/\/www.zus-exnarova.sk\/1234\/o-nas\/#breadcrumb\"},\"inLanguage\":\"en-US\",\"potentialAction\":[{\"@type\":\"ReadAction\",\"target\":[\"https:\/\/www.zus-exnarova.sk\/1234\/o-nas\/\"]}]},{\"@type\":\"BreadcrumbList\",\"@id\":\"https:\/\/www.zus-exnarova.sk\/1234\/o-nas\/#breadcrumb\",\"itemListElement\":[{\"@type\":\"ListItem\",\"position\":1,\"name\":\"Home\",\"item\":\"https:\/\/www.zus-exnarova.sk\/1234\/\"},{\"@type\":\"ListItem\",\"position\":2,\"name\":\"O N\u00c1S\"}]},{\"@type\":\"WebSite\",\"@id\":\"https:\/\/www.zus-exnarova.sk\/1234\/#website\",\"url\":\"https:\/\/www.zus-exnarova.sk\/1234\/\",\"name\":\"Z\u00e1kladn\u00e1 Umeleck\u00e1 \u0160kola Exn\u00e1rova 6\",\"description\":\"\",\"potentialAction\":[{\"@type\":\"SearchAction\",\"target\":{\"@type\":\"EntryPoint\",\"urlTemplate\":\"https:\/\/www.zus-exnarova.sk\/1234\/?s={search_term_string}\"},\"query-input\":{\"@type\":\"PropertyValueSpecification\",\"valueRequired\":true,\"valueName\":\"search_term_string\"}}],\"inLanguage\":\"en-US\"}]}<\/script>\n<!-- \/ Yoast SEO plugin. -->","yoast_head_json":{"title":"O N\u00c1S - Z\u00e1kladn\u00e1 Umeleck\u00e1 \u0160kola Exn\u00e1rova 6","robots":{"index":"index","follow":"follow","max-snippet":"max-snippet:-1","max-image-preview":"max-image-preview:large","max-video-preview":"max-video-preview:-1"},"canonical":"https:\/\/www.zus-exnarova.sk\/1234\/o-nas\/","og_locale":"en_US","og_type":"article","og_title":"O N\u00c1S - Z\u00e1kladn\u00e1 Umeleck\u00e1 \u0160kola Exn\u00e1rova 6","og_description":"O N\u00c1S Umeleck\u00e9 vzdel\u00e1vanie prostredn\u00edctvom z\u00e1kladn\u00fdch umeleck\u00fdch \u0161k\u00f4l v\u00fdznamn\u00fdm sp\u00f4sobom dop\u013a\u0148a v\u0161eobecn\u00e9 vzdel\u00e1vanie. Deti a ml\u00e1de\u017e str\u00e1caj\u00fa vplyvom prostredia, v\u00fdchovy a tie\u017e zmeny spolo\u010densk\u00fdch hodn\u00f4t, prirodzen\u00fa schopnos\u0165 tvorivosti. Z\u00e1kladn\u00e9 umeleck\u00e9 \u0161koly vytv\u00e1raj\u00fa priestor, ktor\u00e9 de\u0165om otv\u00e1ra nov\u00e9 obzory, a ukazuje im, \u017ee tvorba a tvorivos\u0165 m\u00f4\u017eu ich \u017eivot obohati\u0165 a prinies\u0165 pozit\u00edvny pocit naplnenia. Ka\u017ed\u00e9 [&hellip;]","og_url":"https:\/\/www.zus-exnarova.sk\/1234\/o-nas\/","og_site_name":"Z\u00e1kladn\u00e1 Umeleck\u00e1 \u0160kola Exn\u00e1rova 6","article_modified_time":"2026-02-05T08:31:01+00:00","twitter_card":"summary_large_image","twitter_misc":{"Est. reading time":"1 minute"},"schema":{"@context":"https:\/\/schema.org","@graph":[{"@type":"WebPage","@id":"https:\/\/www.zus-exnarova.sk\/1234\/o-nas\/","url":"https:\/\/www.zus-exnarova.sk\/1234\/o-nas\/","name":"O N\u00c1S - Z\u00e1kladn\u00e1 Umeleck\u00e1 \u0160kola Exn\u00e1rova 6","isPartOf":{"@id":"https:\/\/www.zus-exnarova.sk\/1234\/#website"},"datePublished":"2024-04-26T07:45:13+00:00","dateModified":"2026-02-05T08:31:01+00:00","breadcrumb":{"@id":"https:\/\/www.zus-exnarova.sk\/1234\/o-nas\/#breadcrumb"},"inLanguage":"en-US","potentialAction":[{"@type":"ReadAction","target":["https:\/\/www.zus-exnarova.sk\/1234\/o-nas\/"]}]},{"@type":"BreadcrumbList","@id":"https:\/\/www.zus-exnarova.sk\/1234\/o-nas\/#breadcrumb","itemListElement":[{"@type":"ListItem","position":1,"name":"Home","item":"https:\/\/www.zus-exnarova.sk\/1234\/"},{"@type":"ListItem","position":2,"name":"O N\u00c1S"}]},{"@type":"WebSite","@id":"https:\/\/www.zus-exnarova.sk\/1234\/#website","url":"https:\/\/www.zus-exnarova.sk\/1234\/","name":"Z\u00e1kladn\u00e1 Umeleck\u00e1 \u0160kola Exn\u00e1rova 6","description":"","potentialAction":[{"@type":"SearchAction","target":{"@type":"EntryPoint","urlTemplate":"https:\/\/www.zus-exnarova.sk\/1234\/?s={search_term_string}"},"query-input":{"@type":"PropertyValueSpecification","valueRequired":true,"valueName":"search_term_string"}}],"inLanguage":"en-US"}]}},"_links":{"self":[{"href":"https:\/\/www.zus-exnarova.sk\/1234\/wp-json\/wp\/v2\/pages\/410"}],"collection":[{"href":"https:\/\/www.zus-exnarova.sk\/1234\/wp-json\/wp\/v2\/pages"}],"about":[{"href":"https:\/\/www.zus-exnarova.sk\/1234\/wp-json\/wp\/v2\/types\/page"}],"author":[{"embeddable":true,"href":"https:\/\/www.zus-exnarova.sk\/1234\/wp-json\/wp\/v2\/users\/1"}],"replies":[{"embeddable":true,"href":"https:\/\/www.zus-exnarova.sk\/1234\/wp-json\/wp\/v2\/comments?post=410"}],"version-history":[{"count":6,"href":"https:\/\/www.zus-exnarova.sk\/1234\/wp-json\/wp\/v2\/pages\/410\/revisions"}],"predecessor-version":[{"id":3689,"href":"https:\/\/www.zus-exnarova.sk\/1234\/wp-json\/wp\/v2\/pages\/410\/revisions\/3689"}],"wp:attachment":[{"href":"https:\/\/www.zus-exnarova.sk\/1234\/wp-json\/wp\/v2\/media?parent=410"}],"curies":[{"name":"wp","href":"https:\/\/api.w.org\/{rel}","templated":true}]}}