{"id":463,"date":"2024-04-26T10:16:04","date_gmt":"2024-04-26T08:16:04","guid":{"rendered":"https:\/\/www.zus-exnarova.sk\/1234\/?page_id=463"},"modified":"2025-09-08T20:58:22","modified_gmt":"2025-09-08T18:58:22","slug":"prispevok-na-uhradu-nakladov-spojenych-so-studiom","status":"publish","type":"page","link":"https:\/\/www.zus-exnarova.sk\/1234\/prispevok-na-uhradu-nakladov-spojenych-so-studiom\/","title":{"rendered":"Pr\u00edspevok na\u00a0\u00fahradu n\u00e1kladov spojen\u00fdch so \u0161t\u00fadiom"},"content":{"rendered":"\t\t<div data-elementor-type=\"wp-page\" data-elementor-id=\"463\" class=\"elementor elementor-463\">\n\t\t\t\t<div class=\"elementor-element elementor-element-57f9148 e-flex e-con-boxed e-con e-parent\" data-id=\"57f9148\" data-element_type=\"container\">\n\t\t\t\t\t<div class=\"e-con-inner\">\n\t\t\t\t<div class=\"elementor-element elementor-element-6a38382 elementor-widget elementor-widget-text-editor\" data-id=\"6a38382\" data-element_type=\"widget\" data-widget_type=\"text-editor.default\">\n\t\t\t\t<div class=\"elementor-widget-container\">\n\t\t\t\t\t\t\t<p>\u00a0<\/p><p><strong>V\u00fd\u0161ka pr\u00edspevku na \u010diasto\u010dn\u00fa \u00fahradu v\u00fddavkov <\/strong><strong>na \u0161t\u00fadium v z\u00e1kladnej umeleckej \u0161kole<\/strong><\/p><p><strong>\u00a0<\/strong><\/p><p>Na z\u00e1klade Ozn\u00e1menia o v\u00fd\u0161ke pr\u00edspevku v z\u00e1kladnej umeleckej \u0161kole a v centre vo\u013en\u00e9ho<br \/>\u010dasu od 1. septembra 2024 V\u0161eobecne z\u00e1v\u00e4zn\u00e9ho nariadenia hl. mesta SR Bratislavy \u010d. 9\/2023 z 29. j\u00fana 2023, riadite\u013e ZU\u0160 Mgr. art. Martin Miku\u0161 ur\u010duje v\u00fd\u0161ku pr\u00edspevku na \u010diasto\u010dn\u00fa \u00fahradu n\u00e1kladov spojen\u00fdch so\u00a0\u0161t\u00fadiom v\u00a0Z\u00e1kladnej umeleckej \u0161kole Exn\u00e1rova 6 pre \u0161kolsk\u00fd rok 2025\/2026 a\u00a0to od 1. septembra 2025 nasledovne:<\/p><table width=\"662\"><tbody><tr><td width=\"87\"><p><strong>\u0160k. rok 2024\/2025<\/strong><\/p><\/td><td width=\"102\"><p><strong>\u00a0<\/strong><\/p><p><strong>\u00a0<\/strong><\/p><p><strong>\u00a0<\/strong><\/p><p><strong>Pr\u00edpravn\u00e9<\/strong><\/p><p><strong>\u0161t\u00fadium<\/strong><\/p><\/td><td width=\"132\"><p>Individu\u00e1lne<\/p><p>a\u00a0kolekt\u00edvne<\/p><p>vyu\u010dovanie \u2013<\/p><p><strong>z\u00e1kladn\u00e9 \u0161t\u00fadium (prv\u00fd a druh\u00fd <\/strong><\/p><p><strong>stupe\u0148)<\/strong><\/p><\/td><td width=\"113\"><p>Individu\u00e1lne<\/p><p>a\u00a0kolekt\u00edvne<\/p><p>vyu\u010dovanie &#8211; <strong>\u0161t\u00fadium <br \/>pre dospel\u00fdch (do 25 rokov)<\/strong><\/p><\/td><td width=\"117\"><p>Individu\u00e1lne<\/p><p>a\u00a0kolekt\u00edvne<\/p><p>vyu\u010dovanie &#8211; <strong>\u0161t\u00fadium <br \/>pre dospel\u00fdch (od 25 rokov vr\u00e1tane)<\/strong><\/p><\/td><td width=\"110\"><p>zborov\u00fd spev, s\u00faborov\u00e1 pr\u00e1ca, hra v\u00a0skupine<\/p><\/td><\/tr><tr><td width=\"87\"><p><strong>\u00a0<\/strong><\/p><p><strong>Hudobn\u00fd<\/strong><\/p><p><strong>odbor<\/strong><\/p><p><strong>\u00a0<\/strong><\/p><\/td><td width=\"102\"><p>11 \u20ac<\/p><p>1 mesiac<\/p><p>55 \u20ac<\/p><p>polrok<\/p><\/td><td width=\"132\"><p>17,60 \u20ac<\/p><p>1 mesiac<\/p><p>88 \u20ac<\/p><p>polrok<\/p><\/td><td width=\"113\"><p>27,60 \u20ac<\/p><p>1 mesiac<\/p><p>138 \u20ac<\/p><p>polrok<\/p><\/td><td width=\"117\"><p>44,20 \u20ac<\/p><p>1 mesiac<\/p><p>221 \u20ac<\/p><p>polrok<\/p><\/td><td width=\"110\"><p>6,60 \u20ac<\/p><p>1 mesiac<\/p><p>33 \u20ac<\/p><p>polrok<\/p><\/td><\/tr><tr><td width=\"87\"><p><strong>\u00a0<\/strong><\/p><p><strong>Tane\u010dn\u00fd<\/strong><\/p><p><strong>odbor<\/strong><\/p><p><strong>\u00a0<\/strong><\/p><\/td><td width=\"102\"><p>11 \u20ac<\/p><p>1 mesiac<\/p><p>55 \u20ac<\/p><p>polrok<\/p><\/td><td width=\"132\"><p>12,10 \u20ac<\/p><p>1 mesiac<\/p><p>60,50 \u20ac<\/p><p>polrok<\/p><\/td><td width=\"113\"><p>17,60 \u20ac<\/p><p>1 mesiac<\/p><p>88 \u20ac<\/p><p>polrok<\/p><\/td><td width=\"117\"><p>44,20 \u20ac<\/p><p>1 mesiac<\/p><p>221 \u20ac<\/p><p>polrok<\/p><\/td><td width=\"110\"><p>&#8211;<\/p><\/td><\/tr><tr><td width=\"87\"><p><strong>\u00a0<\/strong><\/p><p><strong>V\u00fdtvarn\u00fd<\/strong><\/p><p><strong>odbor<\/strong><\/p><p><strong>\u00a0<\/strong><\/p><\/td><td width=\"102\"><p>11 \u20ac<\/p><p>1 mesiac<\/p><p>55 \u20ac<\/p><p>polrok<\/p><\/td><td width=\"132\"><p>12,10 \u20ac<\/p><p>1 mesiac<\/p><p>60,50 \u20ac<\/p><p>polrok<\/p><\/td><td width=\"113\"><p>17,60 \u20ac<\/p><p>1 mesiac<\/p><p>88 \u20ac<\/p><p>polrok<\/p><\/td><td width=\"117\"><p>44,20 \u20ac<\/p><p>1 mesiac<\/p><p>221 \u20ac<\/p><p>polrok<\/p><\/td><td width=\"110\"><p>&#8211;<\/p><\/td><\/tr><tr><td width=\"87\"><p><strong>\u00a0<\/strong><\/p><p><strong>Liter\u00e1rno-dramatick\u00fd odbor<\/strong><\/p><\/td><td width=\"102\"><p>11 \u20ac<\/p><p>1 mesiac<\/p><p>55 \u20ac<\/p><p>polrok<\/p><\/td><td width=\"132\"><p>12,10 \u20ac<\/p><p>1 mesiac<\/p><p>60,50 \u20ac<\/p><p>polrok<\/p><\/td><td width=\"113\"><p>17,60 \u20ac<\/p><p>1 mesiac<\/p><p>88 \u20ac<\/p><p>polrok<\/p><\/td><td width=\"117\"><p>44,20 \u20ac<\/p><p>1 mesiac<\/p><p>221 \u20ac<\/p><p>polrok<\/p><\/td><td width=\"110\"><p>&#8211;<\/p><\/td><\/tr><\/tbody><\/table><p><strong>\u0160koln\u00e9 sa uhr\u00e1dza polro\u010dne.<\/strong> V\u00fdzvy platieb \u0161koln\u00e9ho s\u00fa zasielan\u00e9 na e-mail z\u00e1konn\u00e9ho z\u00e1stupcu \/dospel\u00e9ho \u017eiaka prostredn\u00edctvom informa\u010dn\u00e9ho syst\u00e9mu iZU\u0160 a\u00a0maj\u00fa automaticky vygenerovan\u00e9 v\u0161etky potrebn\u00e9 \u00fadaje k\u00a0realiz\u00e1cii platby, vr\u00e1tane Variabiln\u00e9ho symbolu \u017eiaka.<\/p><p>V\u00a0Bratislave 18. augusta 2025\u00a0\u00a0\u00a0\u00a0\u00a0\u00a0\u00a0\u00a0\u00a0\u00a0\u00a0\u00a0\u00a0\u00a0\u00a0\u00a0\u00a0\u00a0\u00a0\u00a0\u00a0\u00a0\u00a0\u00a0\u00a0\u00a0\u00a0\u00a0\u00a0\u00a0\u00a0\u00a0\u00a0\u00a0\u00a0\u00a0\u00a0\u00a0\u00a0\u00a0\u00a0\u00a0\u00a0\u00a0\u00a0\u00a0\u00a0\u00a0\u00a0\u00a0\u00a0\u00a0\u00a0\u00a0\u00a0\u00a0\u00a0\u00a0\u00a0\u00a0\u00a0\u00a0\u00a0\u00a0\u00a0\u00a0\u00a0\u00a0\u00a0\u00a0\u00a0\u00a0\u00a0\u00a0\u00a0\u00a0 Mgr. art. Martin Miku\u0161<\/p><p>\u00a0\u00a0\u00a0\u00a0\u00a0\u00a0\u00a0\u00a0\u00a0\u00a0\u00a0\u00a0\u00a0\u00a0\u00a0\u00a0\u00a0\u00a0\u00a0\u00a0\u00a0\u00a0\u00a0\u00a0\u00a0\u00a0\u00a0\u00a0\u00a0\u00a0\u00a0\u00a0\u00a0\u00a0\u00a0\u00a0\u00a0\u00a0\u00a0\u00a0\u00a0\u00a0\u00a0\u00a0\u00a0\u00a0\u00a0\u00a0\u00a0\u00a0\u00a0\u00a0\u00a0\u00a0\u00a0\u00a0\u00a0\u00a0\u00a0\u00a0\u00a0\u00a0\u00a0\u00a0\u00a0\u00a0\u00a0\u00a0\u00a0\u00a0\u00a0\u00a0\u00a0\u00a0\u00a0\u00a0\u00a0\u00a0\u00a0\u00a0\u00a0\u00a0\u00a0\u00a0\u00a0\u00a0\u00a0\u00a0\u00a0\u00a0\u00a0\u00a0\u00a0\u00a0\u00a0\u00a0\u00a0\u00a0\u00a0\u00a0\u00a0\u00a0\u00a0\u00a0\u00a0\u00a0\u00a0\u00a0\u00a0\u00a0\u00a0\u00a0\u00a0\u00a0\u00a0\u00a0\u00a0\u00a0\u00a0\u00a0\u00a0\u00a0\u00a0\u00a0\u00a0\u00a0\u00a0\u00a0\u00a0\u00a0\u00a0 \u00a0riadite\u013e \u0161koly<\/p><p><a href=\"https:\/\/www.zus-exnarova.sk\/1234\/wp-content\/uploads\/2025\/08\/Prispevok-na-uhradu-nakladov-spojenych-so-studiom-2025-2026.pdf\">https:\/\/www.zus-exnarova.sk\/1234\/wp-content\/uploads\/2025\/08\/Prispevok-na-uhradu-nakladov-spojenych-so-studiom-2025-2026.pdf<\/a><\/p>\t\t\t\t\t\t<\/div>\n\t\t\t\t<\/div>\n\t\t\t\t\t<\/div>\n\t\t\t\t<\/div>\n\t\t\t\t<\/div>\n\t\t","protected":false},"excerpt":{"rendered":"<p>\u00a0 V\u00fd\u0161ka pr\u00edspevku na \u010diasto\u010dn\u00fa \u00fahradu v\u00fddavkov na \u0161t\u00fadium v z\u00e1kladnej umeleckej \u0161kole \u00a0 Na z\u00e1klade Ozn\u00e1menia o v\u00fd\u0161ke pr\u00edspevku v z\u00e1kladnej umeleckej \u0161kole a v centre vo\u013en\u00e9ho\u010dasu od 1. septembra 2024 V\u0161eobecne z\u00e1v\u00e4zn\u00e9ho nariadenia hl. mesta SR Bratislavy \u010d. 9\/2023 z 29. j\u00fana 2023, riadite\u013e ZU\u0160 Mgr. art. Martin Miku\u0161 ur\u010duje v\u00fd\u0161ku pr\u00edspevku na [&hellip;]<\/p>\n","protected":false},"author":1,"featured_media":0,"parent":0,"menu_order":0,"comment_status":"closed","ping_status":"closed","template":"","meta":{"_monsterinsights_skip_tracking":false,"_monsterinsights_sitenote_active":false,"_monsterinsights_sitenote_note":"","_monsterinsights_sitenote_category":0,"footnotes":""},"class_list":["post-463","page","type-page","status-publish","hentry"],"yoast_head":"<!-- This site is optimized with the Yoast SEO plugin v23.4 - https:\/\/yoast.com\/wordpress\/plugins\/seo\/ -->\n<title>Pr\u00edspevok na\u00a0\u00fahradu n\u00e1kladov spojen\u00fdch so \u0161t\u00fadiom - Z\u00e1kladn\u00e1 Umeleck\u00e1 \u0160kola Exn\u00e1rova 6<\/title>\n<meta name=\"robots\" content=\"index, follow, max-snippet:-1, max-image-preview:large, max-video-preview:-1\" \/>\n<link rel=\"canonical\" href=\"https:\/\/www.zus-exnarova.sk\/1234\/prispevok-na-uhradu-nakladov-spojenych-so-studiom\/\" \/>\n<meta property=\"og:locale\" content=\"en_US\" \/>\n<meta property=\"og:type\" content=\"article\" \/>\n<meta property=\"og:title\" content=\"Pr\u00edspevok na\u00a0\u00fahradu n\u00e1kladov spojen\u00fdch so \u0161t\u00fadiom - Z\u00e1kladn\u00e1 Umeleck\u00e1 \u0160kola Exn\u00e1rova 6\" \/>\n<meta property=\"og:description\" content=\"\u00a0 V\u00fd\u0161ka pr\u00edspevku na \u010diasto\u010dn\u00fa \u00fahradu v\u00fddavkov na \u0161t\u00fadium v z\u00e1kladnej umeleckej \u0161kole \u00a0 Na z\u00e1klade Ozn\u00e1menia o v\u00fd\u0161ke pr\u00edspevku v z\u00e1kladnej umeleckej \u0161kole a v centre vo\u013en\u00e9ho\u010dasu od 1. septembra 2024 V\u0161eobecne z\u00e1v\u00e4zn\u00e9ho nariadenia hl. mesta SR Bratislavy \u010d. 9\/2023 z 29. j\u00fana 2023, riadite\u013e ZU\u0160 Mgr. art. Martin Miku\u0161 ur\u010duje v\u00fd\u0161ku pr\u00edspevku na [&hellip;]\" \/>\n<meta property=\"og:url\" content=\"https:\/\/www.zus-exnarova.sk\/1234\/prispevok-na-uhradu-nakladov-spojenych-so-studiom\/\" \/>\n<meta property=\"og:site_name\" content=\"Z\u00e1kladn\u00e1 Umeleck\u00e1 \u0160kola Exn\u00e1rova 6\" \/>\n<meta property=\"article:modified_time\" content=\"2025-09-08T18:58:22+00:00\" \/>\n<meta name=\"twitter:card\" content=\"summary_large_image\" \/>\n<meta name=\"twitter:label1\" content=\"Est. reading time\" \/>\n\t<meta name=\"twitter:data1\" content=\"2 minutes\" \/>\n<script type=\"application\/ld+json\" class=\"yoast-schema-graph\">{\"@context\":\"https:\/\/schema.org\",\"@graph\":[{\"@type\":\"WebPage\",\"@id\":\"https:\/\/www.zus-exnarova.sk\/1234\/prispevok-na-uhradu-nakladov-spojenych-so-studiom\/\",\"url\":\"https:\/\/www.zus-exnarova.sk\/1234\/prispevok-na-uhradu-nakladov-spojenych-so-studiom\/\",\"name\":\"Pr\u00edspevok na\u00a0\u00fahradu n\u00e1kladov spojen\u00fdch so \u0161t\u00fadiom - Z\u00e1kladn\u00e1 Umeleck\u00e1 \u0160kola Exn\u00e1rova 6\",\"isPartOf\":{\"@id\":\"https:\/\/www.zus-exnarova.sk\/1234\/#website\"},\"datePublished\":\"2024-04-26T08:16:04+00:00\",\"dateModified\":\"2025-09-08T18:58:22+00:00\",\"breadcrumb\":{\"@id\":\"https:\/\/www.zus-exnarova.sk\/1234\/prispevok-na-uhradu-nakladov-spojenych-so-studiom\/#breadcrumb\"},\"inLanguage\":\"en-US\",\"potentialAction\":[{\"@type\":\"ReadAction\",\"target\":[\"https:\/\/www.zus-exnarova.sk\/1234\/prispevok-na-uhradu-nakladov-spojenych-so-studiom\/\"]}]},{\"@type\":\"BreadcrumbList\",\"@id\":\"https:\/\/www.zus-exnarova.sk\/1234\/prispevok-na-uhradu-nakladov-spojenych-so-studiom\/#breadcrumb\",\"itemListElement\":[{\"@type\":\"ListItem\",\"position\":1,\"name\":\"Home\",\"item\":\"https:\/\/www.zus-exnarova.sk\/1234\/\"},{\"@type\":\"ListItem\",\"position\":2,\"name\":\"Pr\u00edspevok na\u00a0\u00fahradu n\u00e1kladov spojen\u00fdch so \u0161t\u00fadiom\"}]},{\"@type\":\"WebSite\",\"@id\":\"https:\/\/www.zus-exnarova.sk\/1234\/#website\",\"url\":\"https:\/\/www.zus-exnarova.sk\/1234\/\",\"name\":\"Z\u00e1kladn\u00e1 Umeleck\u00e1 \u0160kola Exn\u00e1rova 6\",\"description\":\"\",\"potentialAction\":[{\"@type\":\"SearchAction\",\"target\":{\"@type\":\"EntryPoint\",\"urlTemplate\":\"https:\/\/www.zus-exnarova.sk\/1234\/?s={search_term_string}\"},\"query-input\":{\"@type\":\"PropertyValueSpecification\",\"valueRequired\":true,\"valueName\":\"search_term_string\"}}],\"inLanguage\":\"en-US\"}]}<\/script>\n<!-- \/ Yoast SEO plugin. -->","yoast_head_json":{"title":"Pr\u00edspevok na\u00a0\u00fahradu n\u00e1kladov spojen\u00fdch so \u0161t\u00fadiom - Z\u00e1kladn\u00e1 Umeleck\u00e1 \u0160kola Exn\u00e1rova 6","robots":{"index":"index","follow":"follow","max-snippet":"max-snippet:-1","max-image-preview":"max-image-preview:large","max-video-preview":"max-video-preview:-1"},"canonical":"https:\/\/www.zus-exnarova.sk\/1234\/prispevok-na-uhradu-nakladov-spojenych-so-studiom\/","og_locale":"en_US","og_type":"article","og_title":"Pr\u00edspevok na\u00a0\u00fahradu n\u00e1kladov spojen\u00fdch so \u0161t\u00fadiom - Z\u00e1kladn\u00e1 Umeleck\u00e1 \u0160kola Exn\u00e1rova 6","og_description":"\u00a0 V\u00fd\u0161ka pr\u00edspevku na \u010diasto\u010dn\u00fa \u00fahradu v\u00fddavkov na \u0161t\u00fadium v z\u00e1kladnej umeleckej \u0161kole \u00a0 Na z\u00e1klade Ozn\u00e1menia o v\u00fd\u0161ke pr\u00edspevku v z\u00e1kladnej umeleckej \u0161kole a v centre vo\u013en\u00e9ho\u010dasu od 1. septembra 2024 V\u0161eobecne z\u00e1v\u00e4zn\u00e9ho nariadenia hl. mesta SR Bratislavy \u010d. 9\/2023 z 29. j\u00fana 2023, riadite\u013e ZU\u0160 Mgr. art. Martin Miku\u0161 ur\u010duje v\u00fd\u0161ku pr\u00edspevku na [&hellip;]","og_url":"https:\/\/www.zus-exnarova.sk\/1234\/prispevok-na-uhradu-nakladov-spojenych-so-studiom\/","og_site_name":"Z\u00e1kladn\u00e1 Umeleck\u00e1 \u0160kola Exn\u00e1rova 6","article_modified_time":"2025-09-08T18:58:22+00:00","twitter_card":"summary_large_image","twitter_misc":{"Est. reading time":"2 minutes"},"schema":{"@context":"https:\/\/schema.org","@graph":[{"@type":"WebPage","@id":"https:\/\/www.zus-exnarova.sk\/1234\/prispevok-na-uhradu-nakladov-spojenych-so-studiom\/","url":"https:\/\/www.zus-exnarova.sk\/1234\/prispevok-na-uhradu-nakladov-spojenych-so-studiom\/","name":"Pr\u00edspevok na\u00a0\u00fahradu n\u00e1kladov spojen\u00fdch so \u0161t\u00fadiom - Z\u00e1kladn\u00e1 Umeleck\u00e1 \u0160kola Exn\u00e1rova 6","isPartOf":{"@id":"https:\/\/www.zus-exnarova.sk\/1234\/#website"},"datePublished":"2024-04-26T08:16:04+00:00","dateModified":"2025-09-08T18:58:22+00:00","breadcrumb":{"@id":"https:\/\/www.zus-exnarova.sk\/1234\/prispevok-na-uhradu-nakladov-spojenych-so-studiom\/#breadcrumb"},"inLanguage":"en-US","potentialAction":[{"@type":"ReadAction","target":["https:\/\/www.zus-exnarova.sk\/1234\/prispevok-na-uhradu-nakladov-spojenych-so-studiom\/"]}]},{"@type":"BreadcrumbList","@id":"https:\/\/www.zus-exnarova.sk\/1234\/prispevok-na-uhradu-nakladov-spojenych-so-studiom\/#breadcrumb","itemListElement":[{"@type":"ListItem","position":1,"name":"Home","item":"https:\/\/www.zus-exnarova.sk\/1234\/"},{"@type":"ListItem","position":2,"name":"Pr\u00edspevok na\u00a0\u00fahradu n\u00e1kladov spojen\u00fdch so \u0161t\u00fadiom"}]},{"@type":"WebSite","@id":"https:\/\/www.zus-exnarova.sk\/1234\/#website","url":"https:\/\/www.zus-exnarova.sk\/1234\/","name":"Z\u00e1kladn\u00e1 Umeleck\u00e1 \u0160kola Exn\u00e1rova 6","description":"","potentialAction":[{"@type":"SearchAction","target":{"@type":"EntryPoint","urlTemplate":"https:\/\/www.zus-exnarova.sk\/1234\/?s={search_term_string}"},"query-input":{"@type":"PropertyValueSpecification","valueRequired":true,"valueName":"search_term_string"}}],"inLanguage":"en-US"}]}},"_links":{"self":[{"href":"https:\/\/www.zus-exnarova.sk\/1234\/wp-json\/wp\/v2\/pages\/463"}],"collection":[{"href":"https:\/\/www.zus-exnarova.sk\/1234\/wp-json\/wp\/v2\/pages"}],"about":[{"href":"https:\/\/www.zus-exnarova.sk\/1234\/wp-json\/wp\/v2\/types\/page"}],"author":[{"embeddable":true,"href":"https:\/\/www.zus-exnarova.sk\/1234\/wp-json\/wp\/v2\/users\/1"}],"replies":[{"embeddable":true,"href":"https:\/\/www.zus-exnarova.sk\/1234\/wp-json\/wp\/v2\/comments?post=463"}],"version-history":[{"count":6,"href":"https:\/\/www.zus-exnarova.sk\/1234\/wp-json\/wp\/v2\/pages\/463\/revisions"}],"predecessor-version":[{"id":3386,"href":"https:\/\/www.zus-exnarova.sk\/1234\/wp-json\/wp\/v2\/pages\/463\/revisions\/3386"}],"wp:attachment":[{"href":"https:\/\/www.zus-exnarova.sk\/1234\/wp-json\/wp\/v2\/media?parent=463"}],"curies":[{"name":"wp","href":"https:\/\/api.w.org\/{rel}","templated":true}]}}